{"id":2402,"date":"2018-01-17T13:57:10","date_gmt":"2018-01-17T13:57:10","guid":{"rendered":"http:\/\/192.168.0.2\/wpml\/?page_id=2402"},"modified":"2018-07-06T07:20:09","modified_gmt":"2018-07-06T07:20:09","slug":"dressmakers-of-a-better-world-de","status":"publish","type":"page","link":"https:\/\/www.abram.lu\/de\/projects-de\/dressmakers-of-a-better-world-de\/","title":{"rendered":"Dressmakers of a better world DE"},"content":{"rendered":"\t\t<div data-elementor-type=\"wp-post\" data-elementor-id=\"2402\" class=\"elementor elementor-2402 elementor-bc-flex-widget\">\n\t\t\t\t\t\t<section class=\"elementor-section elementor-top-section elementor-element elementor-element-6bbdeb9d elementor-section-boxed elementor-section-height-default elementor-section-height-default\" data-id=\"6bbdeb9d\" data-element_type=\"section\" data-e-type=\"section\">\n\t\t\t\t\t\t<div class=\"elementor-container elementor-column-gap-default\">\n\t\t\t\t\t<div class=\"elementor-column elementor-col-100 elementor-top-column elementor-element elementor-element-43bb20f6\" data-id=\"43bb20f6\" data-element_type=\"column\" data-e-type=\"column\">\n\t\t\t<div class=\"elementor-widget-wrap elementor-element-populated\">\n\t\t\t\t\t\t<div class=\"elementor-element elementor-element-50f64cf4 elementor-arrows-position-inside elementor-pagination-position-outside elementor-widget elementor-widget-image-carousel\" data-id=\"50f64cf4\" data-element_type=\"widget\" data-e-type=\"widget\" data-settings=\"{&quot;slides_to_scroll&quot;:&quot;3&quot;,&quot;slides_to_show&quot;:&quot;5&quot;,&quot;navigation&quot;:&quot;both&quot;,&quot;autoplay&quot;:&quot;yes&quot;,&quot;pause_on_hover&quot;:&quot;yes&quot;,&quot;pause_on_interaction&quot;:&quot;yes&quot;,&quot;autoplay_speed&quot;:5000,&quot;infinite&quot;:&quot;yes&quot;,&quot;speed&quot;:500}\" data-widget_type=\"image-carousel.default\">\n\t\t\t\t<div class=\"elementor-widget-container\">\n\t\t\t\t\t\t\t<div class=\"elementor-image-carousel-wrapper swiper\" role=\"region\" aria-roledescription=\"carousel\" aria-label=\"Bild Karussell\" dir=\"ltr\">\n\t\t\t<div class=\"elementor-image-carousel swiper-wrapper\" aria-live=\"off\">\n\t\t\t\t\t\t\t\t<div class=\"swiper-slide\" role=\"group\" aria-roledescription=\"slide\" aria-label=\"1 von 20\"><figure class=\"swiper-slide-inner\"><img decoding=\"async\" class=\"swiper-slide-image\" src=\"https:\/\/www.abram.lu\/wp-content\/uploads\/2018\/01\/Couture-150x150.jpg\" alt=\"Cavalcante couture 2015\" \/><\/figure><\/div><div class=\"swiper-slide\" role=\"group\" aria-roledescription=\"slide\" aria-label=\"2 von 20\"><figure class=\"swiper-slide-inner\"><img decoding=\"async\" class=\"swiper-slide-image\" src=\"https:\/\/www.abram.lu\/wp-content\/uploads\/2018\/01\/couturi\u00e8re1.jpg\" alt=\"\" \/><\/figure><\/div><div class=\"swiper-slide\" role=\"group\" aria-roledescription=\"slide\" aria-label=\"3 von 20\"><figure class=\"swiper-slide-inner\"><img decoding=\"async\" class=\"swiper-slide-image\" src=\"https:\/\/www.abram.lu\/wp-content\/uploads\/2018\/01\/couturi\u00e8re3-150x150.png\" alt=\"Cavalcante couture 2015\" \/><\/figure><\/div><div class=\"swiper-slide\" role=\"group\" aria-roledescription=\"slide\" aria-label=\"4 von 20\"><figure class=\"swiper-slide-inner\"><img decoding=\"async\" class=\"swiper-slide-image\" src=\"https:\/\/www.abram.lu\/wp-content\/uploads\/2018\/01\/couturi\u00e8re-2-150x150.png\" alt=\"Cavalcante couture 2015\" \/><\/figure><\/div><div class=\"swiper-slide\" role=\"group\" aria-roledescription=\"slide\" aria-label=\"5 von 20\"><figure class=\"swiper-slide-inner\"><img decoding=\"async\" class=\"swiper-slide-image\" src=\"https:\/\/www.abram.lu\/wp-content\/uploads\/2018\/01\/couturi\u00e8re-10-150x150.jpg\" alt=\"Cavalcante couture 2015\" \/><\/figure><\/div><div class=\"swiper-slide\" role=\"group\" aria-roledescription=\"slide\" aria-label=\"6 von 20\"><figure class=\"swiper-slide-inner\"><img decoding=\"async\" class=\"swiper-slide-image\" src=\"https:\/\/www.abram.lu\/wp-content\/uploads\/2018\/01\/couturi\u00e8re-12-150x150.jpg\" alt=\"couturi\u00e8re-12\" \/><\/figure><\/div><div class=\"swiper-slide\" role=\"group\" aria-roledescription=\"slide\" aria-label=\"7 von 20\"><figure class=\"swiper-slide-inner\"><img decoding=\"async\" class=\"swiper-slide-image\" src=\"https:\/\/www.abram.lu\/wp-content\/uploads\/2018\/01\/couturi\u00e8re-13-150x150.jpg\" alt=\"Cavalcante couture 2015\" \/><\/figure><\/div><div class=\"swiper-slide\" role=\"group\" aria-roledescription=\"slide\" aria-label=\"8 von 20\"><figure class=\"swiper-slide-inner\"><img decoding=\"async\" class=\"swiper-slide-image\" src=\"https:\/\/www.abram.lu\/wp-content\/uploads\/2018\/01\/couturi\u00e8re-14-150x150.jpg\" alt=\"couturi\u00e8re-14\" \/><\/figure><\/div><div class=\"swiper-slide\" role=\"group\" aria-roledescription=\"slide\" aria-label=\"9 von 20\"><figure class=\"swiper-slide-inner\"><img decoding=\"async\" class=\"swiper-slide-image\" src=\"https:\/\/www.abram.lu\/wp-content\/uploads\/2018\/01\/couturi\u00e8re-15-150x150.jpg\" alt=\"couturi\u00e8re-15\" \/><\/figure><\/div><div class=\"swiper-slide\" role=\"group\" aria-roledescription=\"slide\" aria-label=\"10 von 20\"><figure class=\"swiper-slide-inner\"><img decoding=\"async\" class=\"swiper-slide-image\" src=\"https:\/\/www.abram.lu\/wp-content\/uploads\/2018\/01\/couturi\u00e8re-16-150x150.jpg\" alt=\"Cavalcante couture 2015\" \/><\/figure><\/div><div class=\"swiper-slide\" role=\"group\" aria-roledescription=\"slide\" aria-label=\"11 von 20\"><figure class=\"swiper-slide-inner\"><img decoding=\"async\" class=\"swiper-slide-image\" src=\"https:\/\/www.abram.lu\/wp-content\/uploads\/2018\/01\/couturi\u00e8re-28-150x150.jpg\" alt=\"Cavalcante couture 2015\" \/><\/figure><\/div><div class=\"swiper-slide\" role=\"group\" aria-roledescription=\"slide\" aria-label=\"12 von 20\"><figure class=\"swiper-slide-inner\"><img decoding=\"async\" class=\"swiper-slide-image\" src=\"https:\/\/www.abram.lu\/wp-content\/uploads\/2018\/01\/couturi\u00e8re-29-150x150.jpg\" alt=\"couturi\u00e8re-29\" \/><\/figure><\/div><div class=\"swiper-slide\" role=\"group\" aria-roledescription=\"slide\" aria-label=\"13 von 20\"><figure class=\"swiper-slide-inner\"><img decoding=\"async\" class=\"swiper-slide-image\" src=\"https:\/\/www.abram.lu\/wp-content\/uploads\/2018\/01\/couturi\u00e8re-30-150x150.jpg\" alt=\"couturi\u00e8re-30\" \/><\/figure><\/div><div class=\"swiper-slide\" role=\"group\" aria-roledescription=\"slide\" aria-label=\"14 von 20\"><figure class=\"swiper-slide-inner\"><img decoding=\"async\" class=\"swiper-slide-image\" src=\"https:\/\/www.abram.lu\/wp-content\/uploads\/2018\/01\/couturi\u00e8re-31-150x150.jpg\" alt=\"Cavalcante couture 2015\" \/><\/figure><\/div><div class=\"swiper-slide\" role=\"group\" aria-roledescription=\"slide\" aria-label=\"15 von 20\"><figure class=\"swiper-slide-inner\"><img decoding=\"async\" class=\"swiper-slide-image\" src=\"https:\/\/www.abram.lu\/wp-content\/uploads\/2018\/01\/couturi\u00e8re-32-150x150.jpg\" alt=\"couturi\u00e8re-32\" \/><\/figure><\/div><div class=\"swiper-slide\" role=\"group\" aria-roledescription=\"slide\" aria-label=\"16 von 20\"><figure class=\"swiper-slide-inner\"><img decoding=\"async\" class=\"swiper-slide-image\" src=\"https:\/\/www.abram.lu\/wp-content\/uploads\/2018\/01\/couturi\u00e8re-33-150x150.jpg\" alt=\"couturi\u00e8re-33\" \/><\/figure><\/div><div class=\"swiper-slide\" role=\"group\" aria-roledescription=\"slide\" aria-label=\"17 von 20\"><figure class=\"swiper-slide-inner\"><img decoding=\"async\" class=\"swiper-slide-image\" src=\"https:\/\/www.abram.lu\/wp-content\/uploads\/2018\/01\/couturi\u00e8res-desfilado_casa_abra\u00e7o.jpg\" alt=\"\" \/><\/figure><\/div><div class=\"swiper-slide\" role=\"group\" aria-roledescription=\"slide\" aria-label=\"18 von 20\"><figure class=\"swiper-slide-inner\"><img decoding=\"async\" class=\"swiper-slide-image\" src=\"https:\/\/www.abram.lu\/wp-content\/uploads\/2018\/01\/logo-couturi\u00e8res-150x150.jpg\" alt=\"logo-couturi\u00e8res\" \/><\/figure><\/div><div class=\"swiper-slide\" role=\"group\" aria-roledescription=\"slide\" aria-label=\"19 von 20\"><figure class=\"swiper-slide-inner\"><img decoding=\"async\" class=\"swiper-slide-image\" src=\"https:\/\/www.abram.lu\/wp-content\/uploads\/2017\/12\/couturi\u00e8res-r\u00e9union-sans-bords-150x150.jpeg\" alt=\"couturi\u00e8res r\u00e9union sans bords\" \/><\/figure><\/div><div class=\"swiper-slide\" role=\"group\" aria-roledescription=\"slide\" aria-label=\"20 von 20\"><figure class=\"swiper-slide-inner\"><img decoding=\"async\" class=\"swiper-slide-image\" src=\"https:\/\/www.abram.lu\/wp-content\/uploads\/2017\/12\/maison-couturi\u00e8re-150x150.jpeg\" alt=\"maison couturi\u00e8re\" \/><\/figure><\/div>\t\t\t<\/div>\n\t\t\t\t\t\t\t\t\t\t\t\t<div class=\"elementor-swiper-button elementor-swiper-button-prev\" role=\"button\" tabindex=\"0\">\n\t\t\t\t\t\t<i aria-hidden=\"true\" class=\"eicon-chevron-left\"><\/i>\t\t\t\t\t<\/div>\n\t\t\t\t\t<div class=\"elementor-swiper-button elementor-swiper-button-next\" role=\"button\" tabindex=\"0\">\n\t\t\t\t\t\t<i aria-hidden=\"true\" class=\"eicon-chevron-right\"><\/i>\t\t\t\t\t<\/div>\n\t\t\t\t\n\t\t\t\t\t\t\t\t\t<div class=\"swiper-pagination\"><\/div>\n\t\t\t\t\t\t\t\t\t<\/div>\n\t\t\t\t\t\t<\/div>\n\t\t\t\t<\/div>\n\t\t\t\t\t<\/div>\n\t\t<\/div>\n\t\t\t\t\t<\/div>\n\t\t<\/section>\n\t\t\t\t<section class=\"elementor-section elementor-top-section elementor-element elementor-element-59cf14f7 elementor-section-boxed elementor-section-height-default elementor-section-height-default\" data-id=\"59cf14f7\" data-element_type=\"section\" data-e-type=\"section\">\n\t\t\t\t\t\t<div class=\"elementor-container elementor-column-gap-default\">\n\t\t\t\t\t<div class=\"elementor-column elementor-col-100 elementor-top-column elementor-element elementor-element-293434af\" data-id=\"293434af\" data-element_type=\"column\" data-e-type=\"column\">\n\t\t\t<div class=\"elementor-widget-wrap elementor-element-populated\">\n\t\t\t\t\t\t<div class=\"elementor-element elementor-element-3802fcb1 elementor-widget elementor-widget-heading\" data-id=\"3802fcb1\" data-element_type=\"widget\" data-e-type=\"widget\" data-widget_type=\"heading.default\">\n\t\t\t\t<div class=\"elementor-widget-container\">\n\t\t\t\t\t<h2 class=\"elementor-heading-title elementor-size-default\">\nCosturando um mondo melhor<BR>\nEin Projekt von Abram Lux und der Associa\u00e7\u00e3o Para a Paz\n<\/h2>\t\t\t\t<\/div>\n\t\t\t\t<\/div>\n\t\t\t\t\t<\/div>\n\t\t<\/div>\n\t\t\t\t\t<\/div>\n\t\t<\/section>\n\t\t\t\t<section class=\"elementor-section elementor-top-section elementor-element elementor-element-8a93c89 elementor-section-boxed elementor-section-height-default elementor-section-height-default\" data-id=\"8a93c89\" data-element_type=\"section\" data-e-type=\"section\">\n\t\t\t\t\t\t<div class=\"elementor-container elementor-column-gap-default\">\n\t\t\t\t\t<div class=\"elementor-column elementor-col-33 elementor-top-column elementor-element elementor-element-48a555e\" data-id=\"48a555e\" data-element_type=\"column\" data-e-type=\"column\">\n\t\t\t<div class=\"elementor-widget-wrap elementor-element-populated\">\n\t\t\t\t\t\t<div class=\"elementor-element elementor-element-5012b7a5 elementor-widget elementor-widget-text-editor\" data-id=\"5012b7a5\" data-element_type=\"widget\" data-e-type=\"widget\" data-widget_type=\"text-editor.default\">\n\t\t\t\t<div class=\"elementor-widget-container\">\n\t\t\t\t\t\t\t\t\t<p align=\"justify\">Das Projekt Costurando um mondo melhor liegt im Rahmen von nachhaltiger Entwicklung und fairem Handel. Seine Ziele sind es eine Produktionsgenossenschaft und eine dauerhafte Schule f\u00fcr Schneiderinnen zu schaffen.<\/p><p align=\"justify\">In diesem Kontext haben die Partnervereine vor eine Gruppe von Schneiderinnen auszubilden, die in kurzer Zeit f\u00e4hig sein soll gen\u00e4hte oder handwerklich hergestellte St\u00fccke zu produzieren, die f\u00fcr die lokalen, nationalen und internationalen M\u00e4rkte bestimmt sind.<\/p><p align=\"justify\">Diese Partnerschaft stellt die notwendigen Voraussetzungen her, um mit der lokalen Gemeinschaft zu arbeiten und erm\u00f6glicht einen ersten Schritt in die Richtung der Vermarktung der lokalen Handwerksprodukte.<\/p><h4 align=\"center\"><strong>Erste Phase: die Werkst\u00e4tten<\/strong><\/h4><p align=\"justified\">Derzeit, existiert ein kleines Geb\u00e4ude, in dem regelm\u00e4\u00dfig Workshops organisiert werden. Anl\u00e4sslich dieser monatlichen Treffen lernen die auszubildenden Schneiderinnen verschiedene n\u00fctzliche Techniken f\u00fcr die Herstellung von verschiedenen Handwerksarbeiten, die sie dann selbst verkaufen k\u00f6nnen, entweder zuhause oder in der ihnen von der Schule angebotenen Infrastruktur.<\/p><h4 align=\"center\"><strong>Zweite Phase: Schule und Produktionsgenossenschaft<\/strong><\/h4><p align=\"justified\">In Betrachtung des wirklich vorhandenen Bedarfs vor Ort und der steigende Anzahl von Kandidatinnen, musste das urspr\u00fcngliche Projekt einen Schritt weiter gehen. Seit September 2014, stellen unsere lokalen Partner uns f\u00fcr das Projekt ein Haus zu Verf\u00fcgung. Mit diesem neuen Sitz wird die notwendige Erweiterung verwirklicht und das Projekt kann wachsen.<\/p><p align=\"justified\">Die Teilnehmerinnen lernen durch die Herstellung von Handwerksprodukte. Indem sie ihre Produkte verkaufen, ist gleich ein Ertrag m\u00f6glich. Sobald eine Schneiderin ausgebildet ist, kann sie zuhause arbeiten und so einer neuen Kandidatin den Platz \u00fcberlassen.<\/p><p align=\"justified\">Der Verkauf der Produkte wird auf lokalen M\u00e4rkten und auf Messen und Ausstellungen in Luxemburg, zusammen mit der Vorstellung des Projektes, stattfinden. Au\u00dferdem, wird ein Online-Shop bald ein weltweites Publikum erreichen k\u00f6nnen.<\/p>\t\t\t\t\t\t\t\t<\/div>\n\t\t\t\t<\/div>\n\t\t\t\t\t<\/div>\n\t\t<\/div>\n\t\t\t\t<div class=\"elementor-column elementor-col-33 elementor-top-column elementor-element elementor-element-003b297\" data-id=\"003b297\" data-element_type=\"column\" data-e-type=\"column\">\n\t\t\t<div class=\"elementor-widget-wrap\">\n\t\t\t\t\t\t\t<\/div>\n\t\t<\/div>\n\t\t\t\t<div class=\"elementor-column elementor-col-33 elementor-top-column elementor-element elementor-element-c0e6c43\" data-id=\"c0e6c43\" data-element_type=\"column\" data-e-type=\"column\">\n\t\t\t<div class=\"elementor-widget-wrap elementor-element-populated\">\n\t\t\t\t\t\t<div class=\"elementor-element elementor-element-277c5ae6 elementor-widget elementor-widget-text-editor\" data-id=\"277c5ae6\" data-element_type=\"widget\" data-e-type=\"widget\" data-widget_type=\"text-editor.default\">\n\t\t\t\t<div class=\"elementor-widget-container\">\n\t\t\t\t\t\t\t\t\t<h4 align=\"center\"><strong>Ein berufsbildender Weg<\/strong><\/h4>\n<p align=\"justify\">Das Team vor Ort wird aus einer Verwaltungskoordinatorin, einer Produktionskoordinatorin und einer Lehrerin f\u00fcr Schneiden und N\u00e4hen bestehen. Der Schneiderunterricht wird drei Mal in der Woche stattfinden und in den anderen Tagen erhalten die Lernenden Anweisung und Material zuhause.<\/p>\n<p align=\"justify\">Einmal in der Woche nehmen die Sch\u00fclerinnen an einem zus\u00e4tzlichen Workshop teil, wie zum Beispiel, Arbeiten mit der H\u00e4kelnadel, Randverarbeitungstechniken, Wiederverwertung von Stoffen, Malerei, usw.<\/p>\n<p align=\"justify\">Das technische Team wird monatlich ein Lern- und Produktionsziel definieren, das verschiedene Produkte vorsieht, die den Teilnehmerinnen erm\u00f6glichen werden entsprechend ihrer F\u00e4higkeiten und ihrem Wissensstand zu arbeiten.<\/p>\n<p align=\"justify\">Am Ende jedes Monats werden die Teilnehmerinnen die ganze Produktion in ein Register eintragen. Dort werden von jedem Artikel die Produktionskosten und der Verkaufspreis eingetragen. Dieses ganze Material wird verkauft werden, um eine wirkliche Autonomie und Durchf\u00fchrbarkeit des Projektes zu erreichen.<\/p>\n\n<h4 align=\"center\"><strong>Die Ziele<\/strong><\/h4>\n<ul>\n \t<li>\n<p style=\"margin-bottom: 0in;\" align=\"justify\">Bef\u00e4higung in Schneiden und N\u00e4hen, um das Familieneinkommen zu erh\u00f6hen und zugleich den Eigenbedarf in Kleidung zu decken.<\/p>\n<\/li>\n \t<li>\n<p style=\"margin-bottom: 0in;\" align=\"justify\">Einrichtung einer Arbeitsgruppe f\u00fcr die Produktion und gemeinschaftliche Verteilung der Produkte.<\/p>\n<\/li>\n \t<li>\n<p align=\"justify\">Aufbau einer Produktionsgenossenschaft, die immer neue Kandidatinnen aufnehmen kann, indem eine Marke und eine Verkaufsqualit\u00e4t geschaffen und entwickelt werden.<\/p>\n<\/li>\n<\/ul>\t\t\t\t\t\t\t\t<\/div>\n\t\t\t\t<\/div>\n\t\t\t\t\t<\/div>\n\t\t<\/div>\n\t\t\t\t\t<\/div>\n\t\t<\/section>\n\t\t\t\t<section class=\"elementor-section elementor-top-section elementor-element elementor-element-bc8d584 elementor-section-boxed elementor-section-height-default elementor-section-height-default\" data-id=\"bc8d584\" data-element_type=\"section\" data-e-type=\"section\">\n\t\t\t\t\t\t<div class=\"elementor-container elementor-column-gap-default\">\n\t\t\t\t\t<div class=\"elementor-column elementor-col-33 elementor-top-column elementor-element elementor-element-a31f017\" data-id=\"a31f017\" data-element_type=\"column\" data-e-type=\"column\">\n\t\t\t<div class=\"elementor-widget-wrap\">\n\t\t\t\t\t\t\t<\/div>\n\t\t<\/div>\n\t\t\t\t<div class=\"elementor-column elementor-col-33 elementor-top-column elementor-element elementor-element-cc74a0a\" data-id=\"cc74a0a\" data-element_type=\"column\" data-e-type=\"column\">\n\t\t\t<div class=\"elementor-widget-wrap elementor-element-populated\">\n\t\t\t\t\t\t<div class=\"elementor-element elementor-element-50dc6f1 elementor-widget elementor-widget-image\" data-id=\"50dc6f1\" data-element_type=\"widget\" data-e-type=\"widget\" data-widget_type=\"image.default\">\n\t\t\t\t<div class=\"elementor-widget-container\">\n\t\t\t\t\t\t\t\t\t\t\t\t\t\t\t<img fetchpriority=\"high\" decoding=\"async\" width=\"300\" height=\"204\" src=\"https:\/\/www.abram.lu\/wp-content\/uploads\/2018\/07\/logo-am-brill-300x204.jpg\" class=\"attachment-large size-large wp-image-3739\" alt=\"\" srcset=\"https:\/\/www.abram.lu\/wp-content\/uploads\/2018\/07\/logo-am-brill-300x204.jpg 300w, https:\/\/www.abram.lu\/wp-content\/uploads\/2018\/07\/logo-am-brill-300x204-150x102.jpg 150w\" sizes=\"(max-width: 300px) 100vw, 300px\" \/>\t\t\t\t\t\t\t\t\t\t\t\t\t\t\t<\/div>\n\t\t\t\t<\/div>\n\t\t\t\t\t<\/div>\n\t\t<\/div>\n\t\t\t\t<div class=\"elementor-column elementor-col-33 elementor-top-column elementor-element elementor-element-f636965\" data-id=\"f636965\" data-element_type=\"column\" data-e-type=\"column\">\n\t\t\t<div class=\"elementor-widget-wrap\">\n\t\t\t\t\t\t\t<\/div>\n\t\t<\/div>\n\t\t\t\t\t<\/div>\n\t\t<\/section>\n\t\t\t\t<\/div>\n\t\t","protected":false},"excerpt":{"rendered":"<p>Costurando um mondo melhor Ein Projekt von Abram Lux und der Associa\u00e7\u00e3o Para a Paz Das Projekt Costurando um mondo melhor liegt im Rahmen von nachhaltiger Entwicklung und fairem Handel. [&hellip;]<\/p>\n","protected":false},"author":1,"featured_media":0,"parent":2392,"menu_order":0,"comment_status":"closed","ping_status":"closed","template":"","meta":{"footnotes":""},"class_list":["post-2402","page","type-page","status-publish","hentry"],"_links":{"self":[{"href":"https:\/\/www.abram.lu\/de\/wp-json\/wp\/v2\/pages\/2402","targetHints":{"allow":["GET"]}}],"collection":[{"href":"https:\/\/www.abram.lu\/de\/wp-json\/wp\/v2\/pages"}],"about":[{"href":"https:\/\/www.abram.lu\/de\/wp-json\/wp\/v2\/types\/page"}],"author":[{"embeddable":true,"href":"https:\/\/www.abram.lu\/de\/wp-json\/wp\/v2\/users\/1"}],"replies":[{"embeddable":true,"href":"https:\/\/www.abram.lu\/de\/wp-json\/wp\/v2\/comments?post=2402"}],"version-history":[{"count":19,"href":"https:\/\/www.abram.lu\/de\/wp-json\/wp\/v2\/pages\/2402\/revisions"}],"predecessor-version":[{"id":3740,"href":"https:\/\/www.abram.lu\/de\/wp-json\/wp\/v2\/pages\/2402\/revisions\/3740"}],"up":[{"embeddable":true,"href":"https:\/\/www.abram.lu\/de\/wp-json\/wp\/v2\/pages\/2392"}],"wp:attachment":[{"href":"https:\/\/www.abram.lu\/de\/wp-json\/wp\/v2\/media?parent=2402"}],"curies":[{"name":"wp","href":"https:\/\/api.w.org\/{rel}","templated":true}]}}