{"id":2426,"date":"2018-01-17T14:52:43","date_gmt":"2018-01-17T13:52:43","guid":{"rendered":"http:\/\/192.168.0.2\/wpml\/?page_id=2426"},"modified":"2021-11-14T13:28:52","modified_gmt":"2021-11-14T12:28:52","slug":"who-we-are-de","status":"publish","type":"page","link":"https:\/\/www.abram.lu\/de\/who-we-are-de\/","title":{"rendered":"Who we are DE"},"content":{"rendered":"\t\t<div data-elementor-type=\"wp-post\" data-elementor-id=\"2426\" class=\"elementor elementor-2426\">\n\t\t\t\t\t\t<section class=\"elementor-section elementor-top-section elementor-element elementor-element-4e77f093 elementor-section-boxed elementor-section-height-default elementor-section-height-default\" data-id=\"4e77f093\" data-element_type=\"section\" data-e-type=\"section\">\n\t\t\t\t\t\t<div class=\"elementor-container elementor-column-gap-default\">\n\t\t\t\t\t<div class=\"elementor-column elementor-col-100 elementor-top-column elementor-element elementor-element-2a9edfd7\" data-id=\"2a9edfd7\" data-element_type=\"column\" data-e-type=\"column\">\n\t\t\t<div class=\"elementor-widget-wrap elementor-element-populated\">\n\t\t\t\t\t\t<div class=\"elementor-element elementor-element-6780f780 elementor-widget elementor-widget-text-editor\" data-id=\"6780f780\" data-element_type=\"widget\" data-e-type=\"widget\" data-widget_type=\"text-editor.default\">\n\t\t\t\t<div class=\"elementor-widget-container\">\n\t\t\t\t\t\t\t\t\t<h2 class=\"font_2\" style=\"text-align: center;\"><span class=\"color_2\">ABRAM-ASBL STELLT SICH VOR\u2026<\/span><\/h2><p style=\"text-align: justify;\">Abram-asbl ist das Ergebnis eines langen Reifungsprozesses, ein kleiner, gemeinn\u00fctziger, luxemburgischer Verein , der in enger Zusammenarbeit mit mehreren brasilianischen Vereinen und NRO im M\u00e4rz 2014 von Daniela Mesquita und Fran\u00e7ois Ramaekers gegr\u00fcndet wurde.<\/p><p style=\"text-align: justify;\">Zus\u00e4tzlich zu seinen Gr\u00fcndern, hat Abram-asbl mit dem Engagement von drei engen Mitarbeitern und Freunden z\u00e4hlen k\u00f6nnen:Christine Gobert, Katrien Van de Bergh und Cyprien Ramaekers haben bei der Erstellung <a href=\"https:\/\/www.abram.lu\/wp-content\/uploads\/2017\/12\/staus.pdf\">der Satzungen<\/a> und der Verwaltungsstruktur mitgewirkt.<\/p><h4 align=\"center\"><strong>Aufsichtsrat<\/strong><\/h4><p style=\"text-align: justify;\">Er besteht aus f\u00fcnf Personen, die ihren professionellen und famili\u00e4ren Verpflichtungen im Gro\u00dfherzogtum Luxemburg, in Belgien und in Brasilen nachgehen. Folgende Personen bilden den Aufsichtsrat:<\/p>\t\t\t\t\t\t\t\t<\/div>\n\t\t\t\t<\/div>\n\t\t\t\t\t<\/div>\n\t\t<\/div>\n\t\t\t\t\t<\/div>\n\t\t<\/section>\n\t\t\t\t<section class=\"elementor-section elementor-top-section elementor-element elementor-element-4e71e76e elementor-section-boxed elementor-section-height-default elementor-section-height-default\" data-id=\"4e71e76e\" data-element_type=\"section\" data-e-type=\"section\">\n\t\t\t\t\t\t<div class=\"elementor-container elementor-column-gap-default\">\n\t\t\t\t\t<div class=\"elementor-column elementor-col-33 elementor-top-column elementor-element elementor-element-40b1e2de\" data-id=\"40b1e2de\" data-element_type=\"column\" data-e-type=\"column\">\n\t\t\t<div class=\"elementor-widget-wrap elementor-element-populated\">\n\t\t\t\t\t\t<div class=\"elementor-element elementor-element-7421b07b elementor-widget elementor-widget-image\" data-id=\"7421b07b\" data-element_type=\"widget\" data-e-type=\"widget\" data-widget_type=\"image.default\">\n\t\t\t\t<div class=\"elementor-widget-container\">\n\t\t\t\t\t\t\t\t\t\t\t\t<figure class=\"wp-caption\">\n\t\t\t\t\t\t\t\t\t\t<img decoding=\"async\" width=\"80\" height=\"80\" src=\"https:\/\/www.abram.lu\/wp-content\/uploads\/2018\/05\/comit\u00e9-pr\u00e9sident-684x1024-thumb-150x150.jpg\" class=\"attachment-thumbnail size-thumbnail wp-image-3579\" alt=\"\" srcset=\"https:\/\/www.abram.lu\/wp-content\/uploads\/2018\/05\/comit\u00e9-pr\u00e9sident-684x1024-thumb-150x150.jpg 150w, https:\/\/www.abram.lu\/wp-content\/uploads\/2018\/05\/comit\u00e9-pr\u00e9sident-684x1024-thumb-450x452.jpg 450w, https:\/\/www.abram.lu\/wp-content\/uploads\/2018\/05\/comit\u00e9-pr\u00e9sident-684x1024-thumb-100x100.jpg 100w, https:\/\/www.abram.lu\/wp-content\/uploads\/2018\/05\/comit\u00e9-pr\u00e9sident-684x1024-thumb-300x300.jpg 300w, https:\/\/www.abram.lu\/wp-content\/uploads\/2018\/05\/comit\u00e9-pr\u00e9sident-684x1024-thumb.jpg 572w\" sizes=\"(max-width: 80px) 100vw, 80px\" \/>\t\t\t\t\t\t\t\t\t\t\t<figcaption class=\"widget-image-caption wp-caption-text\">Fran\u00e7ois Ramaekers<\/figcaption>\n\t\t\t\t\t\t\t\t\t\t<\/figure>\n\t\t\t\t\t\t\t\t\t<\/div>\n\t\t\t\t<\/div>\n\t\t\t\t\t<\/div>\n\t\t<\/div>\n\t\t\t\t<div class=\"elementor-column elementor-col-66 elementor-top-column elementor-element elementor-element-58ba6795\" data-id=\"58ba6795\" data-element_type=\"column\" data-e-type=\"column\">\n\t\t\t<div class=\"elementor-widget-wrap elementor-element-populated\">\n\t\t\t\t\t\t<div class=\"elementor-element elementor-element-6a64f9ef elementor-widget elementor-widget-text-editor\" data-id=\"6a64f9ef\" data-element_type=\"widget\" data-e-type=\"widget\" data-widget_type=\"text-editor.default\">\n\t\t\t\t<div class=\"elementor-widget-container\">\n\t\t\t\t\t\t\t\t\t<p align=\"justify\"><b><strong>Fran\u00e7ois Ramaekers<\/strong><\/b><br \/>Aufsichtsratsvorsitzender von Abram.<br \/><br \/><\/p><p style=\"text-align: justify;\">Er reist gerne, ist Lehrer im <a href=\"http:\/\/www.ltc.lu\" target=\"_blank\" rel=\"noopener\" data-content=\"http:\/\/www.ltc.lu\" data-type=\"external\">Lyc\u00e9e Technique du Centre<\/a> und seit vielen Jahren im Gro\u00dfherzogtum Luxemburg und in Belgien im Vereinsumfeld t\u00e4tig.<\/p><p style=\"text-align: justify;\">francois.ramaekers@abram.lu<\/p>\t\t\t\t\t\t\t\t<\/div>\n\t\t\t\t<\/div>\n\t\t\t\t\t<\/div>\n\t\t<\/div>\n\t\t\t\t\t<\/div>\n\t\t<\/section>\n\t\t\t\t<section class=\"elementor-section elementor-top-section elementor-element elementor-element-5eda8ba8 elementor-section-boxed elementor-section-height-default elementor-section-height-default\" data-id=\"5eda8ba8\" data-element_type=\"section\" data-e-type=\"section\">\n\t\t\t\t\t\t<div class=\"elementor-container elementor-column-gap-default\">\n\t\t\t\t\t<div class=\"elementor-column elementor-col-33 elementor-top-column elementor-element elementor-element-15538c39\" data-id=\"15538c39\" data-element_type=\"column\" data-e-type=\"column\">\n\t\t\t<div class=\"elementor-widget-wrap elementor-element-populated\">\n\t\t\t\t\t\t<div class=\"elementor-element elementor-element-11f1aded elementor-widget elementor-widget-image\" data-id=\"11f1aded\" data-element_type=\"widget\" data-e-type=\"widget\" data-widget_type=\"image.default\">\n\t\t\t\t<div class=\"elementor-widget-container\">\n\t\t\t\t\t\t\t\t\t\t\t\t<figure class=\"wp-caption\">\n\t\t\t\t\t\t\t\t\t\t<img decoding=\"async\" width=\"80\" height=\"80\" src=\"https:\/\/www.abram.lu\/wp-content\/uploads\/2018\/05\/comit\u00e9-Dani-thumb-150x150.png\" class=\"attachment-thumbnail size-thumbnail wp-image-3580\" alt=\"\" srcset=\"https:\/\/www.abram.lu\/wp-content\/uploads\/2018\/05\/comit\u00e9-Dani-thumb-150x150.png 150w, https:\/\/www.abram.lu\/wp-content\/uploads\/2018\/05\/comit\u00e9-Dani-thumb-450x450.png 450w, https:\/\/www.abram.lu\/wp-content\/uploads\/2018\/05\/comit\u00e9-Dani-thumb-100x100.png 100w, https:\/\/www.abram.lu\/wp-content\/uploads\/2018\/05\/comit\u00e9-Dani-thumb-300x300.png 300w, https:\/\/www.abram.lu\/wp-content\/uploads\/2018\/05\/comit\u00e9-Dani-thumb.png 480w\" sizes=\"(max-width: 80px) 100vw, 80px\" \/>\t\t\t\t\t\t\t\t\t\t\t<figcaption class=\"widget-image-caption wp-caption-text\">Daniela Mesquita<\/figcaption>\n\t\t\t\t\t\t\t\t\t\t<\/figure>\n\t\t\t\t\t\t\t\t\t<\/div>\n\t\t\t\t<\/div>\n\t\t\t\t\t<\/div>\n\t\t<\/div>\n\t\t\t\t<div class=\"elementor-column elementor-col-66 elementor-top-column elementor-element elementor-element-4d633b54\" data-id=\"4d633b54\" data-element_type=\"column\" data-e-type=\"column\">\n\t\t\t<div class=\"elementor-widget-wrap elementor-element-populated\">\n\t\t\t\t\t\t<div class=\"elementor-element elementor-element-59de7e74 elementor-widget elementor-widget-text-editor\" data-id=\"59de7e74\" data-element_type=\"widget\" data-e-type=\"widget\" data-widget_type=\"text-editor.default\">\n\t\t\t\t<div class=\"elementor-widget-container\">\n\t\t\t\t\t\t\t\t\t<p align=\"justify\"><b><strong>Daniela Mesquita<\/strong><\/b><br \/>Stellvertretende Aufsichtsratsvorsitzende von Abram.<\/p><p>Projektmanagerin und Unternehmerin, seit vielen Jahren im Vereinsumfeld in Brasilien aktiv.<\/p><p>daniela.mesquita@abram.lu<\/p>\t\t\t\t\t\t\t\t<\/div>\n\t\t\t\t<\/div>\n\t\t\t\t\t<\/div>\n\t\t<\/div>\n\t\t\t\t\t<\/div>\n\t\t<\/section>\n\t\t\t\t<section class=\"elementor-section elementor-top-section elementor-element elementor-element-3d80d0b1 elementor-section-boxed elementor-section-height-default elementor-section-height-default\" data-id=\"3d80d0b1\" data-element_type=\"section\" data-e-type=\"section\">\n\t\t\t\t\t\t<div class=\"elementor-container elementor-column-gap-default\">\n\t\t\t\t\t<div class=\"elementor-column elementor-col-100 elementor-top-column elementor-element elementor-element-a1230aa\" data-id=\"a1230aa\" data-element_type=\"column\" data-e-type=\"column\">\n\t\t\t<div class=\"elementor-widget-wrap elementor-element-populated\">\n\t\t\t\t\t\t<div class=\"elementor-element elementor-element-11222dad elementor-widget elementor-widget-text-editor\" data-id=\"11222dad\" data-element_type=\"widget\" data-e-type=\"widget\" data-widget_type=\"text-editor.default\">\n\t\t\t\t<div class=\"elementor-widget-container\">\n\t\t\t\t\t\t\t\t\t<p style=\"text-align: justify;\">Daniela und Fran\u00e7ois sind sich in Brasilien begegnet und haben dort geheiratet. Heute leben sie mit ihren 4 Kindern in Luxemburg. Durch ihre Erfahrung vor Ort in Brasilien und ihre Praxis im sozialen und solidarischen Engagement, haben sie die Anregungen und Initiative f\u00fcr das Projekt Abram gegeben.<\/p>\t\t\t\t\t\t\t\t<\/div>\n\t\t\t\t<\/div>\n\t\t\t\t\t<\/div>\n\t\t<\/div>\n\t\t\t\t\t<\/div>\n\t\t<\/section>\n\t\t\t\t<section class=\"elementor-section elementor-top-section elementor-element elementor-element-68e9580b elementor-section-boxed elementor-section-height-default elementor-section-height-default\" data-id=\"68e9580b\" data-element_type=\"section\" data-e-type=\"section\">\n\t\t\t\t\t\t<div class=\"elementor-container elementor-column-gap-default\">\n\t\t\t\t\t<div class=\"elementor-column elementor-col-33 elementor-top-column elementor-element elementor-element-523ce5d8\" data-id=\"523ce5d8\" data-element_type=\"column\" data-e-type=\"column\">\n\t\t\t<div class=\"elementor-widget-wrap elementor-element-populated\">\n\t\t\t\t\t\t<div class=\"elementor-element elementor-element-38055dd elementor-widget elementor-widget-image\" data-id=\"38055dd\" data-element_type=\"widget\" data-e-type=\"widget\" data-widget_type=\"image.default\">\n\t\t\t\t<div class=\"elementor-widget-container\">\n\t\t\t\t\t\t\t\t\t\t\t\t<figure class=\"wp-caption\">\n\t\t\t\t\t\t\t\t\t\t<img decoding=\"async\" width=\"80\" height=\"80\" src=\"https:\/\/www.abram.lu\/wp-content\/uploads\/2018\/05\/comit\u00e9-cippy-thumb-150x150.jpg\" class=\"attachment-thumbnail size-thumbnail wp-image-3581\" alt=\"\" srcset=\"https:\/\/www.abram.lu\/wp-content\/uploads\/2018\/05\/comit\u00e9-cippy-thumb-150x150.jpg 150w, https:\/\/www.abram.lu\/wp-content\/uploads\/2018\/05\/comit\u00e9-cippy-thumb-450x450.jpg 450w, https:\/\/www.abram.lu\/wp-content\/uploads\/2018\/05\/comit\u00e9-cippy-thumb-100x100.jpg 100w, https:\/\/www.abram.lu\/wp-content\/uploads\/2018\/05\/comit\u00e9-cippy-thumb-300x300.jpg 300w, https:\/\/www.abram.lu\/wp-content\/uploads\/2018\/05\/comit\u00e9-cippy-thumb.jpg 627w\" sizes=\"(max-width: 80px) 100vw, 80px\" \/>\t\t\t\t\t\t\t\t\t\t\t<figcaption class=\"widget-image-caption wp-caption-text\">Cyprien Ramaekers<\/figcaption>\n\t\t\t\t\t\t\t\t\t\t<\/figure>\n\t\t\t\t\t\t\t\t\t<\/div>\n\t\t\t\t<\/div>\n\t\t\t\t\t<\/div>\n\t\t<\/div>\n\t\t\t\t<div class=\"elementor-column elementor-col-66 elementor-top-column elementor-element elementor-element-466707a3\" data-id=\"466707a3\" data-element_type=\"column\" data-e-type=\"column\">\n\t\t\t<div class=\"elementor-widget-wrap elementor-element-populated\">\n\t\t\t\t\t\t<div class=\"elementor-element elementor-element-3750bb9 elementor-widget elementor-widget-text-editor\" data-id=\"3750bb9\" data-element_type=\"widget\" data-e-type=\"widget\" data-widget_type=\"text-editor.default\">\n\t\t\t\t<div class=\"elementor-widget-container\">\n\t\t\t\t\t\t\t\t\t<p align=\"justify\"><b><strong>Cyprien Ramaekers<\/strong><\/b><br \/>Sekretar von Abram.<\/p><p style=\"text-align: justify;\">Vater von 2 Kindern, aktiv innerhalb des <a href=\"http:\/\/www.waldorf.lu\" target=\"_blank\" rel=\"noopener\" data-content=\"http:\/\/www.waldorf.lu\" data-type=\"external\">Ver\u00e4in fir Waldorfp\u00e4dagogik L\u00ebtzebuerg ASBL<\/a>. Als Sekret\u00e4r des Vereins ist er auch Verwaltungskoordinator der Waldorfschoul und Leiter der Maison Relais Waldorf.<\/p><p style=\"text-align: justify;\">cyprien.ramaekers@abram.lu<\/p>\t\t\t\t\t\t\t\t<\/div>\n\t\t\t\t<\/div>\n\t\t\t\t\t<\/div>\n\t\t<\/div>\n\t\t\t\t\t<\/div>\n\t\t<\/section>\n\t\t\t\t<section class=\"elementor-section elementor-top-section elementor-element elementor-element-4fd00891 elementor-section-boxed elementor-section-height-default elementor-section-height-default\" data-id=\"4fd00891\" data-element_type=\"section\" data-e-type=\"section\">\n\t\t\t\t\t\t<div class=\"elementor-container elementor-column-gap-default\">\n\t\t\t\t\t<div class=\"elementor-column elementor-col-33 elementor-top-column elementor-element elementor-element-358df4b7\" data-id=\"358df4b7\" data-element_type=\"column\" data-e-type=\"column\">\n\t\t\t<div class=\"elementor-widget-wrap elementor-element-populated\">\n\t\t\t\t\t\t<div class=\"elementor-element elementor-element-10704518 elementor-widget elementor-widget-image\" data-id=\"10704518\" data-element_type=\"widget\" data-e-type=\"widget\" data-widget_type=\"image.default\">\n\t\t\t\t<div class=\"elementor-widget-container\">\n\t\t\t\t\t\t\t\t\t\t\t\t<figure class=\"wp-caption\">\n\t\t\t\t\t\t\t\t\t\t<img loading=\"lazy\" decoding=\"async\" width=\"80\" height=\"80\" src=\"https:\/\/www.abram.lu\/wp-content\/uploads\/2018\/05\/comit\u00e9-christine-682x1024-thumb-150x150.jpg\" class=\"attachment-thumbnail size-thumbnail wp-image-3582\" alt=\"\" srcset=\"https:\/\/www.abram.lu\/wp-content\/uploads\/2018\/05\/comit\u00e9-christine-682x1024-thumb-150x150.jpg 150w, https:\/\/www.abram.lu\/wp-content\/uploads\/2018\/05\/comit\u00e9-christine-682x1024-thumb-450x450.jpg 450w, https:\/\/www.abram.lu\/wp-content\/uploads\/2018\/05\/comit\u00e9-christine-682x1024-thumb-100x100.jpg 100w, https:\/\/www.abram.lu\/wp-content\/uploads\/2018\/05\/comit\u00e9-christine-682x1024-thumb-300x300.jpg 300w, https:\/\/www.abram.lu\/wp-content\/uploads\/2018\/05\/comit\u00e9-christine-682x1024-thumb.jpg 682w\" sizes=\"(max-width: 80px) 100vw, 80px\" \/>\t\t\t\t\t\t\t\t\t\t\t<figcaption class=\"widget-image-caption wp-caption-text\">Christine Gobert<\/figcaption>\n\t\t\t\t\t\t\t\t\t\t<\/figure>\n\t\t\t\t\t\t\t\t\t<\/div>\n\t\t\t\t<\/div>\n\t\t\t\t\t<\/div>\n\t\t<\/div>\n\t\t\t\t<div class=\"elementor-column elementor-col-66 elementor-top-column elementor-element elementor-element-5a6b7ad8\" data-id=\"5a6b7ad8\" data-element_type=\"column\" data-e-type=\"column\">\n\t\t\t<div class=\"elementor-widget-wrap elementor-element-populated\">\n\t\t\t\t\t\t<div class=\"elementor-element elementor-element-10bcab81 elementor-widget elementor-widget-text-editor\" data-id=\"10bcab81\" data-element_type=\"widget\" data-e-type=\"widget\" data-widget_type=\"text-editor.default\">\n\t\t\t\t<div class=\"elementor-widget-container\">\n\t\t\t\t\t\t\t\t\t<p align=\"justify\"><b><strong>Christine Gobert<\/strong><\/b><br \/>Schatzmeisterin von Abram.<\/p><p style=\"text-align: justify;\">Mutter von 2 Kindern, Rechnungsf\u00fchrerin des <a href=\"http:\/\/www.ulc.lu\" target=\"_blank\" rel=\"noopener\" data-content=\"http:\/\/www.ulc.lu\" data-type=\"external\">Union Luxembourgeoise des Consommateurs (ULC)<\/a>, einer der gr\u00f6\u00dften gemeinn\u00fctzigen Vereine Luxemburgs.<\/p><p style=\"text-align: justify;\">christine.gobert@abram.lu<\/p>\t\t\t\t\t\t\t\t<\/div>\n\t\t\t\t<\/div>\n\t\t\t\t\t<\/div>\n\t\t<\/div>\n\t\t\t\t\t<\/div>\n\t\t<\/section>\n\t\t\t\t<section class=\"elementor-section elementor-top-section elementor-element elementor-element-7bd3e563 elementor-section-boxed elementor-section-height-default elementor-section-height-default\" data-id=\"7bd3e563\" data-element_type=\"section\" data-e-type=\"section\">\n\t\t\t\t\t\t<div class=\"elementor-container elementor-column-gap-default\">\n\t\t\t\t\t<div class=\"elementor-column elementor-col-100 elementor-top-column elementor-element elementor-element-1c6dbb2f\" data-id=\"1c6dbb2f\" data-element_type=\"column\" data-e-type=\"column\">\n\t\t\t<div class=\"elementor-widget-wrap elementor-element-populated\">\n\t\t\t\t\t\t<div class=\"elementor-element elementor-element-3f866c7d elementor-widget elementor-widget-text-editor\" data-id=\"3f866c7d\" data-element_type=\"widget\" data-e-type=\"widget\" data-widget_type=\"text-editor.default\">\n\t\t\t\t<div class=\"elementor-widget-container\">\n\t\t\t\t\t\t\t\t\t<h4 align=\"center\"><strong>Kontaktdaten<\/strong><\/h4><p style=\"text-align: center;\">ABRAM asbl<\/p><p style=\"text-align: center;\">92, rue Jean-Pierre Hilger<\/p><p style=\"text-align: center;\">L-4980 Reckange-sur-Mess<\/p><p style=\"text-align: center;\">R.C.S. Luxembourg F 9961<\/p><p style=\"text-align: center;\">T\u00e9l : (+352) 26 10 31 87<\/p><p style=\"text-align: center;\">Gsm : (+352) 621 356 136<\/p><p style=\"text-align: center;\">Courriel : abram.asbl@abram.lu<\/p><div id=\"bank-accounts\"><p style=\"text-align: center;\">BCEELULL LU31 0019 4355 5731 8000<\/p><p style=\"text-align: center;\">BGLLLULL LU56 0030 1163 9938 1000<\/p><\/div>\t\t\t\t\t\t\t\t<\/div>\n\t\t\t\t<\/div>\n\t\t\t\t\t<\/div>\n\t\t<\/div>\n\t\t\t\t\t<\/div>\n\t\t<\/section>\n\t\t\t\t<\/div>\n\t\t","protected":false},"excerpt":{"rendered":"<p>ABRAM-ASBL STELLT SICH VOR\u2026 Abram-asbl ist das Ergebnis eines langen Reifungsprozesses, ein kleiner, gemeinn\u00fctziger, luxemburgischer Verein , der in enger Zusammenarbeit mit mehreren brasilianischen Vereinen und NRO im M\u00e4rz 2014 [&hellip;]<\/p>\n","protected":false},"author":1,"featured_media":0,"parent":0,"menu_order":0,"comment_status":"closed","ping_status":"closed","template":"","meta":{"footnotes":""},"class_list":["post-2426","page","type-page","status-publish","hentry"],"_links":{"self":[{"href":"https:\/\/www.abram.lu\/de\/wp-json\/wp\/v2\/pages\/2426","targetHints":{"allow":["GET"]}}],"collection":[{"href":"https:\/\/www.abram.lu\/de\/wp-json\/wp\/v2\/pages"}],"about":[{"href":"https:\/\/www.abram.lu\/de\/wp-json\/wp\/v2\/types\/page"}],"author":[{"embeddable":true,"href":"https:\/\/www.abram.lu\/de\/wp-json\/wp\/v2\/users\/1"}],"replies":[{"embeddable":true,"href":"https:\/\/www.abram.lu\/de\/wp-json\/wp\/v2\/comments?post=2426"}],"version-history":[{"count":30,"href":"https:\/\/www.abram.lu\/de\/wp-json\/wp\/v2\/pages\/2426\/revisions"}],"predecessor-version":[{"id":4033,"href":"https:\/\/www.abram.lu\/de\/wp-json\/wp\/v2\/pages\/2426\/revisions\/4033"}],"wp:attachment":[{"href":"https:\/\/www.abram.lu\/de\/wp-json\/wp\/v2\/media?parent=2426"}],"curies":[{"name":"wp","href":"https:\/\/api.w.org\/{rel}","templated":true}]}}