{"id":1622,"date":"2017-12-15T21:06:07","date_gmt":"2017-12-15T20:06:07","guid":{"rendered":"http:\/\/localhost\/good\/?page_id=1622"},"modified":"2021-11-14T13:28:48","modified_gmt":"2021-11-14T12:28:48","slug":"who-we-are-en","status":"publish","type":"page","link":"https:\/\/www.abram.lu\/en\/who-we-are-en\/","title":{"rendered":"Who we are EN"},"content":{"rendered":"\t\t<div data-elementor-type=\"wp-post\" data-elementor-id=\"1622\" class=\"elementor elementor-1622 elementor-bc-flex-widget\">\n\t\t\t\t\t\t<section class=\"elementor-section elementor-top-section elementor-element elementor-element-1c5f4e77 elementor-section-boxed elementor-section-height-default elementor-section-height-default\" data-id=\"1c5f4e77\" data-element_type=\"section\" data-e-type=\"section\">\n\t\t\t\t\t\t<div class=\"elementor-container elementor-column-gap-default\">\n\t\t\t\t\t<div class=\"elementor-column elementor-col-20 elementor-top-column elementor-element elementor-element-4faf8c1a\" data-id=\"4faf8c1a\" data-element_type=\"column\" data-e-type=\"column\">\n\t\t\t<div class=\"elementor-widget-wrap elementor-element-populated\">\n\t\t\t\t\t\t<div class=\"elementor-element elementor-element-25cabef elementor-widget elementor-widget-image\" data-id=\"25cabef\" data-element_type=\"widget\" data-e-type=\"widget\" data-widget_type=\"image.default\">\n\t\t\t\t<div class=\"elementor-widget-container\">\n\t\t\t\t\t\t\t\t\t\t\t\t<figure class=\"wp-caption\">\n\t\t\t\t\t\t\t\t\t\t\t<a href=\"https:\/\/www.abram.lu\/who-we-are-fr\/#francois\">\n\t\t\t\t\t\t\t<img decoding=\"async\" src=\"https:\/\/www.abram.lu\/wp-content\/uploads\/2018\/01\/comit\u00e9-pr\u00e9sident.jpg\" title=\"\" alt=\"\" loading=\"lazy\" \/>\t\t\t\t\t\t\t\t<\/a>\n\t\t\t\t\t\t\t\t\t\t\t<figcaption class=\"widget-image-caption wp-caption-text\">Fran\u00e7ois Ramaekers<\/figcaption>\n\t\t\t\t\t\t\t\t\t\t<\/figure>\n\t\t\t\t\t\t\t\t\t<\/div>\n\t\t\t\t<\/div>\n\t\t\t\t\t<\/div>\n\t\t<\/div>\n\t\t\t\t<div class=\"elementor-column elementor-col-20 elementor-top-column elementor-element elementor-element-6d2a4a84\" data-id=\"6d2a4a84\" data-element_type=\"column\" data-e-type=\"column\">\n\t\t\t<div class=\"elementor-widget-wrap elementor-element-populated\">\n\t\t\t\t\t\t<div class=\"elementor-element elementor-element-6e995b9a elementor-widget elementor-widget-image\" data-id=\"6e995b9a\" data-element_type=\"widget\" data-e-type=\"widget\" data-widget_type=\"image.default\">\n\t\t\t\t<div class=\"elementor-widget-container\">\n\t\t\t\t\t\t\t\t\t\t\t\t<figure class=\"wp-caption\">\n\t\t\t\t\t\t\t\t\t\t\t<a href=\"https:\/\/www.abram.lu\/who-we-are-fr\/#dani\">\n\t\t\t\t\t\t\t<img fetchpriority=\"high\" decoding=\"async\" width=\"480\" height=\"720\" src=\"https:\/\/www.abram.lu\/wp-content\/uploads\/2018\/01\/comit\u00e9-Dani.png\" class=\"attachment-large size-large wp-image-2255\" alt=\"\" srcset=\"https:\/\/www.abram.lu\/wp-content\/uploads\/2018\/01\/comit\u00e9-Dani.png 480w, https:\/\/www.abram.lu\/wp-content\/uploads\/2018\/01\/comit\u00e9-Dani-450x675.png 450w, https:\/\/www.abram.lu\/wp-content\/uploads\/2018\/01\/comit\u00e9-Dani-200x300.png 200w, https:\/\/www.abram.lu\/wp-content\/uploads\/2018\/01\/comit\u00e9-Dani-100x150.png 100w\" sizes=\"(max-width: 480px) 100vw, 480px\" \/>\t\t\t\t\t\t\t\t<\/a>\n\t\t\t\t\t\t\t\t\t\t\t<figcaption class=\"widget-image-caption wp-caption-text\">Daniela Mesquita<\/figcaption>\n\t\t\t\t\t\t\t\t\t\t<\/figure>\n\t\t\t\t\t\t\t\t\t<\/div>\n\t\t\t\t<\/div>\n\t\t\t\t\t<\/div>\n\t\t<\/div>\n\t\t\t\t<div class=\"elementor-column elementor-col-20 elementor-top-column elementor-element elementor-element-3c250425\" data-id=\"3c250425\" data-element_type=\"column\" data-e-type=\"column\">\n\t\t\t<div class=\"elementor-widget-wrap elementor-element-populated\">\n\t\t\t\t\t\t\t<\/div>\n\t\t<\/div>\n\t\t\t\t<div class=\"elementor-column elementor-col-20 elementor-top-column elementor-element elementor-element-26374eb9\" data-id=\"26374eb9\" data-element_type=\"column\" data-e-type=\"column\">\n\t\t\t<div class=\"elementor-widget-wrap elementor-element-populated\">\n\t\t\t\t\t\t<div class=\"elementor-element elementor-element-641c6688 elementor-widget elementor-widget-image\" data-id=\"641c6688\" data-element_type=\"widget\" data-e-type=\"widget\" data-widget_type=\"image.default\">\n\t\t\t\t<div class=\"elementor-widget-container\">\n\t\t\t\t\t\t\t\t\t\t\t\t<figure class=\"wp-caption\">\n\t\t\t\t\t\t\t\t\t\t\t<a href=\"https:\/\/www.abram.lu\/who-we-are-fr\/#christine\">\n\t\t\t\t\t\t\t<img decoding=\"async\" width=\"682\" height=\"1024\" src=\"https:\/\/www.abram.lu\/wp-content\/uploads\/2018\/01\/comit\u00e9-christine-682x1024.jpg\" class=\"attachment-large size-large wp-image-2258\" alt=\"\" srcset=\"https:\/\/www.abram.lu\/wp-content\/uploads\/2018\/01\/comit\u00e9-christine-682x1024.jpg 682w, https:\/\/www.abram.lu\/wp-content\/uploads\/2018\/01\/comit\u00e9-christine-450x676.jpg 450w, https:\/\/www.abram.lu\/wp-content\/uploads\/2018\/01\/comit\u00e9-christine-200x300.jpg 200w, https:\/\/www.abram.lu\/wp-content\/uploads\/2018\/01\/comit\u00e9-christine-768x1153.jpg 768w, https:\/\/www.abram.lu\/wp-content\/uploads\/2018\/01\/comit\u00e9-christine-100x150.jpg 100w, https:\/\/www.abram.lu\/wp-content\/uploads\/2018\/01\/comit\u00e9-christine.jpg 983w\" sizes=\"(max-width: 682px) 100vw, 682px\" \/>\t\t\t\t\t\t\t\t<\/a>\n\t\t\t\t\t\t\t\t\t\t\t<figcaption class=\"widget-image-caption wp-caption-text\">Christine Gobert<\/figcaption>\n\t\t\t\t\t\t\t\t\t\t<\/figure>\n\t\t\t\t\t\t\t\t\t<\/div>\n\t\t\t\t<\/div>\n\t\t\t\t\t<\/div>\n\t\t<\/div>\n\t\t\t\t<div class=\"elementor-column elementor-col-20 elementor-top-column elementor-element elementor-element-43bea12e\" data-id=\"43bea12e\" data-element_type=\"column\" data-e-type=\"column\">\n\t\t\t<div class=\"elementor-widget-wrap elementor-element-populated\">\n\t\t\t\t\t\t<div class=\"elementor-element elementor-element-280afbc0 elementor-widget elementor-widget-image\" data-id=\"280afbc0\" data-element_type=\"widget\" data-e-type=\"widget\" data-widget_type=\"image.default\">\n\t\t\t\t<div class=\"elementor-widget-container\">\n\t\t\t\t\t\t\t\t\t\t\t\t<figure class=\"wp-caption\">\n\t\t\t\t\t\t\t\t\t\t\t<a href=\"https:\/\/www.abram.lu\/who-we-are-fr\/#cippy\">\n\t\t\t\t\t\t\t<img decoding=\"async\" width=\"629\" height=\"945\" src=\"https:\/\/www.abram.lu\/wp-content\/uploads\/2018\/01\/comit\u00e9-cippy.jpg\" class=\"attachment-large size-large wp-image-2257\" alt=\"\" srcset=\"https:\/\/www.abram.lu\/wp-content\/uploads\/2018\/01\/comit\u00e9-cippy.jpg 629w, https:\/\/www.abram.lu\/wp-content\/uploads\/2018\/01\/comit\u00e9-cippy-450x676.jpg 450w, https:\/\/www.abram.lu\/wp-content\/uploads\/2018\/01\/comit\u00e9-cippy-200x300.jpg 200w, https:\/\/www.abram.lu\/wp-content\/uploads\/2018\/01\/comit\u00e9-cippy-100x150.jpg 100w\" sizes=\"(max-width: 629px) 100vw, 629px\" \/>\t\t\t\t\t\t\t\t<\/a>\n\t\t\t\t\t\t\t\t\t\t\t<figcaption class=\"widget-image-caption wp-caption-text\">Cyprien Ramaekers<\/figcaption>\n\t\t\t\t\t\t\t\t\t\t<\/figure>\n\t\t\t\t\t\t\t\t\t<\/div>\n\t\t\t\t<\/div>\n\t\t\t\t\t<\/div>\n\t\t<\/div>\n\t\t\t\t\t<\/div>\n\t\t<\/section>\n\t\t\t\t<section class=\"elementor-section elementor-top-section elementor-element elementor-element-266720d7 elementor-section-boxed elementor-section-height-default elementor-section-height-default\" data-id=\"266720d7\" data-element_type=\"section\" data-e-type=\"section\">\n\t\t\t\t\t\t<div class=\"elementor-container elementor-column-gap-default\">\n\t\t\t\t\t<div class=\"elementor-column elementor-col-100 elementor-top-column elementor-element elementor-element-68153969\" data-id=\"68153969\" data-element_type=\"column\" data-e-type=\"column\">\n\t\t\t<div class=\"elementor-widget-wrap elementor-element-populated\">\n\t\t\t\t\t\t<div class=\"elementor-element elementor-element-5973713d elementor-widget elementor-widget-text-editor\" data-id=\"5973713d\" data-element_type=\"widget\" data-e-type=\"widget\" data-widget_type=\"text-editor.default\">\n\t\t\t\t<div class=\"elementor-widget-container\">\n\t\t\t\t\t\t\t\t\t<h2 style=\"text-align: center;\">ABRAM-ASBL SE PR\u00c9SENTE&#8230;<\/h2>\n<p style=\"text-align: justify;\">Fruit d&#8217;une longue gestation, Abram-asbl, une petite association sans but lucratif luxembourgeoise travaillant en \u00e9troite collaboration avec plusieurs associations et ong br\u00e9siliennes, a \u00e9t\u00e9 fond\u00e9e en mars 2014 \u00e0 l&#8217;initiative de Daniela Mesquita et Fran\u00e7ois Ramaekers.<\/p>\n<p style=\"text-align: justify;\">Outre ses fondateurs, Abram-asbl a pu compter sur l&#8217;engagement de trois proches collaborateurs et amis pour parachever <a href=\"https:\/\/www.abram.lu\/wp-content\/uploads\/2017\/12\/staus.pdf\">ses statuts<\/a> et composer sa structure de gestion, Christine Gobert, Katrien Van de Bergh et Cyprien Ramaekers.<\/p>\n\n<h4 style=\"text-align: center;\"><b><strong>Conseil d&#8217;administration<\/strong><\/b><\/h4>\n<p style=\"text-align: justify;\">Comptant cinq membres engag\u00e9s dans leur vie professionnelle et familiale au Drand-duch\u00e9 de Luxembourg, en Belgique et au Br\u00e9sil, le Conseil d&#8217;ad- ministration d&#8217;Abram se compose comme suit.<\/p>\n\n<div id=\"francois\">\n\n<b><strong>Fran\u00e7ois Ramaekers<\/strong><\/b>\n\n<\/div>\nPr\u00e9sident d&#8217;Abram\n<p style=\"text-align: justify;\">Grand voyageur, enseignant au <a href=\"http:\/\/www.ltc.lu\" target=\"_blank\" rel=\"noopener\" data-content=\"http:\/\/www.ltc.lu\" data-type=\"external\">Lyc\u00e9e Technique du Centre<\/a>, il est actif de- puis de nombreuses ann\u00e9es dans les milieux associatifs au Grand-duch\u00e9 de Luxembourg et en Belgique.<\/p>\n\n<div id=\"dani\">\n\n<b><strong>Daniela Mesquita<\/strong><\/b>\n\n<\/div>\nVice-pr\u00e9sidente d&#8217;Abram\n<p style=\"text-align: justify;\">Project manager et entrepreneuse, elle est active depuis de nombreuses ann\u00e9es dans les milieux associatifs au Br\u00e9sil.<\/p>\n<p style=\"text-align: justify;\">Daniela et Fran\u00e7ois se sont rencontr\u00e9s et mari\u00e9s au Br\u00e9sil. Aujourd&#8217;hui, ils vivent au Luxembourg entour\u00e9s de leurs 4 enfants. L\u2019exp\u00e9rience du terrain br\u00e9silien et la pratique de l\u2019engagement social et solidaire en font les inspirateurs et les initiateurs des projets d\u2019Abram.<\/p>\n\n<div id=\"katharina\">\n\n<b><strong>Katharina Yorck<\/strong><\/b>\n\n<\/div>\nSecr\u00e9taire d&#8217;Abram\n<p style=\"text-align: justify;\">&#8220;Profond\u00e9ment europ\u00e9enne: Je suis n\u00e9e en Allemagne, j&#8217;ai grandi en France et au Luxembourg et j&#8217;ai fait mes \u00e9tudes en secr\u00e9tariat de direction multilingue \u00e0 Bruxelles. Ensuite, je suis all\u00e9e travailler en Italie, en Allemagne et au Luxembourg. Je vis maintenant avec ma fille \u00e0 Tr\u00e8ves. C&#8217;est un bonheur pour moi d&#8217;apporter ma collaboration sur le plan administratif \u00e0 Abram!&#8221;<\/p>\n\n<div id=\"christine\"><b><strong>Christine Gobert<\/strong><\/b><\/div>\nTr\u00e9sori\u00e8re d&#8217;Abram\n<p style=\"text-align: justify;\">M\u00e8re de 2 enfants, dans sa vie professionnelle, elle est Chef-comptable de <a href=\"http:\/\/www.ulc.lu\" target=\"_blank\" rel=\"noopener\" data-content=\"http:\/\/www.ulc.lu\" data-type=\"external\">l\u2019<\/a><a href=\"http:\/\/www.ulc.lu\" target=\"_blank\" rel=\"noopener\" data-content=\"http:\/\/www.ulc.lu\" data-type=\"external\">Union Luxembourgeoise des Consommateurs (ULC)<\/a>, l\u2019une des plus grandes asbl du paysage associatif luxembourgeois.<\/p>\n\n<div id=\"cippy\">\n\n<b><strong>Cyprien Ramaekers<\/strong><\/b>\n\n<\/div>\nVice-pr\u00e9sident d&#8217;Abram\n<p style=\"text-align: justify;\">P\u00e8re de 2 enfants, il est actif au sein du<a href=\"http:\/\/www.waldorf.lu\" target=\"_blank\" rel=\"noopener\" data-content=\"http:\/\/www.waldorf.lu\" data-type=\"external\"> Ver\u00e4in fir Waldorfp\u00e4dagogik L\u00ebtzebuerg ASBL<\/a> en tant que Secr\u00e9taire de l&#8217;asbl, il est aussi Coordinateur administratif de la Waldorfschoul et Charg\u00e9 de direction de la Maison relais Waldorf.<\/p>\n\n<h4 style=\"text-align: center;\"><b><strong>Coordonn\u00e9es<\/strong><\/b><\/h4>\n<p style=\"text-align: center;\">ABRAM asbl<\/p>\n<p style=\"text-align: center;\">92, rue Jean-Pierre Hilger<\/p>\n<p style=\"text-align: center;\">L-4980 Reckange-sur-Mess<\/p>\n<p style=\"text-align: center;\">R.C.S. Luxembourg F 9961<\/p>\n<p style=\"text-align: center;\">T\u00e9l : (+352) 26 10 28 14<\/p>\n<p style=\"text-align: center;\">Gsm : (+352) 621 356 136<\/p>\n<p style=\"text-align: center;\">Courriel : abram.asbl@gmail.com<\/p>\n\n<div id=\"bank-accounts\">\n<p style=\"text-align: center;\">BCEELULL LU31 0019 4355 5731 8000<\/p>\n<p style=\"text-align: center;\">BGLLLULL LU56 0030 1163 9938 1000<\/p>\n\n<\/div>\t\t\t\t\t\t\t\t<\/div>\n\t\t\t\t<\/div>\n\t\t\t\t\t<\/div>\n\t\t<\/div>\n\t\t\t\t\t<\/div>\n\t\t<\/section>\n\t\t\t\t<\/div>\n\t\t","protected":false},"excerpt":{"rendered":"<p>Fran\u00e7ois Ramaekers Daniela Mesquita Christine Gobert Cyprien Ramaekers ABRAM-ASBL SE PR\u00c9SENTE&#8230; Fruit d&#8217;une longue gestation, Abram-asbl, une petite association sans but lucratif luxembourgeoise travaillant en \u00e9troite collaboration avec plusieurs associations [&hellip;]<\/p>\n","protected":false},"author":1,"featured_media":0,"parent":0,"menu_order":0,"comment_status":"closed","ping_status":"closed","template":"","meta":{"footnotes":""},"class_list":["post-1622","page","type-page","status-publish","hentry"],"_links":{"self":[{"href":"https:\/\/www.abram.lu\/en\/wp-json\/wp\/v2\/pages\/1622","targetHints":{"allow":["GET"]}}],"collection":[{"href":"https:\/\/www.abram.lu\/en\/wp-json\/wp\/v2\/pages"}],"about":[{"href":"https:\/\/www.abram.lu\/en\/wp-json\/wp\/v2\/types\/page"}],"author":[{"embeddable":true,"href":"https:\/\/www.abram.lu\/en\/wp-json\/wp\/v2\/users\/1"}],"replies":[{"embeddable":true,"href":"https:\/\/www.abram.lu\/en\/wp-json\/wp\/v2\/comments?post=1622"}],"version-history":[{"count":6,"href":"https:\/\/www.abram.lu\/en\/wp-json\/wp\/v2\/pages\/1622\/revisions"}],"predecessor-version":[{"id":4892,"href":"https:\/\/www.abram.lu\/en\/wp-json\/wp\/v2\/pages\/1622\/revisions\/4892"}],"wp:attachment":[{"href":"https:\/\/www.abram.lu\/en\/wp-json\/wp\/v2\/media?parent=1622"}],"curies":[{"name":"wp","href":"https:\/\/api.w.org\/{rel}","templated":true}]}}