{"id":2627,"date":"2018-01-20T15:17:29","date_gmt":"2018-01-20T14:17:29","guid":{"rendered":"http:\/\/192.168.0.2\/wpml\/?page_id=2627"},"modified":"2021-11-14T13:29:01","modified_gmt":"2021-11-14T12:29:01","slug":"who-we-are-pt","status":"publish","type":"page","link":"https:\/\/www.abram.lu\/pt\/who-we-are-pt\/","title":{"rendered":"Who we are PT"},"content":{"rendered":"\t\t<div data-elementor-type=\"wp-post\" data-elementor-id=\"2627\" class=\"elementor elementor-2627 elementor-bc-flex-widget\">\n\t\t\t\t\t\t<section class=\"elementor-section elementor-top-section elementor-element elementor-element-515dbfec elementor-section-boxed elementor-section-height-default elementor-section-height-default\" data-id=\"515dbfec\" data-element_type=\"section\" data-e-type=\"section\">\n\t\t\t\t\t\t<div class=\"elementor-container elementor-column-gap-default\">\n\t\t\t\t\t<div class=\"elementor-column elementor-col-20 elementor-top-column elementor-element elementor-element-4a6943d1\" data-id=\"4a6943d1\" data-element_type=\"column\" data-e-type=\"column\">\n\t\t\t<div class=\"elementor-widget-wrap elementor-element-populated\">\n\t\t\t\t\t\t<div class=\"elementor-element elementor-element-70b3b4fb elementor-widget elementor-widget-image\" data-id=\"70b3b4fb\" data-element_type=\"widget\" data-e-type=\"widget\" data-widget_type=\"image.default\">\n\t\t\t\t<div class=\"elementor-widget-container\">\n\t\t\t\t\t\t\t\t\t\t\t\t<figure class=\"wp-caption\">\n\t\t\t\t\t\t\t\t\t\t\t<a href=\"https:\/\/www.abram.lu\/who-we-are-fr\/#francois\">\n\t\t\t\t\t\t\t<img decoding=\"async\" src=\"https:\/\/www.abram.lu\/wp-content\/uploads\/2018\/01\/comit\u00e9-pr\u00e9sident.jpg\" title=\"\" alt=\"\" loading=\"lazy\" \/>\t\t\t\t\t\t\t\t<\/a>\n\t\t\t\t\t\t\t\t\t\t\t<figcaption class=\"widget-image-caption wp-caption-text\">Fran\u00e7ois Ramaekers<\/figcaption>\n\t\t\t\t\t\t\t\t\t\t<\/figure>\n\t\t\t\t\t\t\t\t\t<\/div>\n\t\t\t\t<\/div>\n\t\t\t\t\t<\/div>\n\t\t<\/div>\n\t\t\t\t<div class=\"elementor-column elementor-col-20 elementor-top-column elementor-element elementor-element-5f555288\" data-id=\"5f555288\" data-element_type=\"column\" data-e-type=\"column\">\n\t\t\t<div class=\"elementor-widget-wrap elementor-element-populated\">\n\t\t\t\t\t\t<div class=\"elementor-element elementor-element-713629ac elementor-widget elementor-widget-image\" data-id=\"713629ac\" data-element_type=\"widget\" data-e-type=\"widget\" data-widget_type=\"image.default\">\n\t\t\t\t<div class=\"elementor-widget-container\">\n\t\t\t\t\t\t\t\t\t\t\t\t<figure class=\"wp-caption\">\n\t\t\t\t\t\t\t\t\t\t\t<a href=\"https:\/\/www.abram.lu\/who-we-are-fr\/#dani\">\n\t\t\t\t\t\t\t<img fetchpriority=\"high\" decoding=\"async\" width=\"480\" height=\"720\" src=\"https:\/\/www.abram.lu\/wp-content\/uploads\/2018\/01\/comit\u00e9-Dani.png\" class=\"attachment-large size-large wp-image-2255\" alt=\"\" srcset=\"https:\/\/www.abram.lu\/wp-content\/uploads\/2018\/01\/comit\u00e9-Dani.png 480w, https:\/\/www.abram.lu\/wp-content\/uploads\/2018\/01\/comit\u00e9-Dani-450x675.png 450w, https:\/\/www.abram.lu\/wp-content\/uploads\/2018\/01\/comit\u00e9-Dani-200x300.png 200w, https:\/\/www.abram.lu\/wp-content\/uploads\/2018\/01\/comit\u00e9-Dani-100x150.png 100w\" sizes=\"(max-width: 480px) 100vw, 480px\" \/>\t\t\t\t\t\t\t\t<\/a>\n\t\t\t\t\t\t\t\t\t\t\t<figcaption class=\"widget-image-caption wp-caption-text\">Daniela Mesquita<\/figcaption>\n\t\t\t\t\t\t\t\t\t\t<\/figure>\n\t\t\t\t\t\t\t\t\t<\/div>\n\t\t\t\t<\/div>\n\t\t\t\t\t<\/div>\n\t\t<\/div>\n\t\t\t\t<div class=\"elementor-column elementor-col-20 elementor-top-column elementor-element elementor-element-eeaafe0\" data-id=\"eeaafe0\" data-element_type=\"column\" data-e-type=\"column\">\n\t\t\t<div class=\"elementor-widget-wrap elementor-element-populated\">\n\t\t\t\t\t\t\t<\/div>\n\t\t<\/div>\n\t\t\t\t<div class=\"elementor-column elementor-col-20 elementor-top-column elementor-element elementor-element-f560440\" data-id=\"f560440\" data-element_type=\"column\" data-e-type=\"column\">\n\t\t\t<div class=\"elementor-widget-wrap elementor-element-populated\">\n\t\t\t\t\t\t<div class=\"elementor-element elementor-element-13652e08 elementor-widget elementor-widget-image\" data-id=\"13652e08\" data-element_type=\"widget\" data-e-type=\"widget\" data-widget_type=\"image.default\">\n\t\t\t\t<div class=\"elementor-widget-container\">\n\t\t\t\t\t\t\t\t\t\t\t\t<figure class=\"wp-caption\">\n\t\t\t\t\t\t\t\t\t\t\t<a href=\"https:\/\/www.abram.lu\/who-we-are-fr\/#christine\">\n\t\t\t\t\t\t\t<img decoding=\"async\" width=\"682\" height=\"1024\" src=\"https:\/\/www.abram.lu\/wp-content\/uploads\/2018\/01\/comit\u00e9-christine-682x1024.jpg\" class=\"attachment-large size-large wp-image-2258\" alt=\"\" srcset=\"https:\/\/www.abram.lu\/wp-content\/uploads\/2018\/01\/comit\u00e9-christine-682x1024.jpg 682w, https:\/\/www.abram.lu\/wp-content\/uploads\/2018\/01\/comit\u00e9-christine-450x676.jpg 450w, https:\/\/www.abram.lu\/wp-content\/uploads\/2018\/01\/comit\u00e9-christine-200x300.jpg 200w, https:\/\/www.abram.lu\/wp-content\/uploads\/2018\/01\/comit\u00e9-christine-768x1153.jpg 768w, https:\/\/www.abram.lu\/wp-content\/uploads\/2018\/01\/comit\u00e9-christine-100x150.jpg 100w, https:\/\/www.abram.lu\/wp-content\/uploads\/2018\/01\/comit\u00e9-christine.jpg 983w\" sizes=\"(max-width: 682px) 100vw, 682px\" \/>\t\t\t\t\t\t\t\t<\/a>\n\t\t\t\t\t\t\t\t\t\t\t<figcaption class=\"widget-image-caption wp-caption-text\">Christine Gobert<\/figcaption>\n\t\t\t\t\t\t\t\t\t\t<\/figure>\n\t\t\t\t\t\t\t\t\t<\/div>\n\t\t\t\t<\/div>\n\t\t\t\t\t<\/div>\n\t\t<\/div>\n\t\t\t\t<div class=\"elementor-column elementor-col-20 elementor-top-column elementor-element elementor-element-7c7cf7ac\" data-id=\"7c7cf7ac\" data-element_type=\"column\" data-e-type=\"column\">\n\t\t\t<div class=\"elementor-widget-wrap elementor-element-populated\">\n\t\t\t\t\t\t<div class=\"elementor-element elementor-element-56df0973 elementor-widget elementor-widget-image\" data-id=\"56df0973\" data-element_type=\"widget\" data-e-type=\"widget\" data-widget_type=\"image.default\">\n\t\t\t\t<div class=\"elementor-widget-container\">\n\t\t\t\t\t\t\t\t\t\t\t\t<figure class=\"wp-caption\">\n\t\t\t\t\t\t\t\t\t\t\t<a href=\"https:\/\/www.abram.lu\/who-we-are-fr\/#cippy\">\n\t\t\t\t\t\t\t<img decoding=\"async\" width=\"629\" height=\"945\" src=\"https:\/\/www.abram.lu\/wp-content\/uploads\/2018\/01\/comit\u00e9-cippy.jpg\" class=\"attachment-large size-large wp-image-2257\" alt=\"\" srcset=\"https:\/\/www.abram.lu\/wp-content\/uploads\/2018\/01\/comit\u00e9-cippy.jpg 629w, https:\/\/www.abram.lu\/wp-content\/uploads\/2018\/01\/comit\u00e9-cippy-450x676.jpg 450w, https:\/\/www.abram.lu\/wp-content\/uploads\/2018\/01\/comit\u00e9-cippy-200x300.jpg 200w, https:\/\/www.abram.lu\/wp-content\/uploads\/2018\/01\/comit\u00e9-cippy-100x150.jpg 100w\" sizes=\"(max-width: 629px) 100vw, 629px\" \/>\t\t\t\t\t\t\t\t<\/a>\n\t\t\t\t\t\t\t\t\t\t\t<figcaption class=\"widget-image-caption wp-caption-text\">Cyprien Ramaekers<\/figcaption>\n\t\t\t\t\t\t\t\t\t\t<\/figure>\n\t\t\t\t\t\t\t\t\t<\/div>\n\t\t\t\t<\/div>\n\t\t\t\t\t<\/div>\n\t\t<\/div>\n\t\t\t\t\t<\/div>\n\t\t<\/section>\n\t\t\t\t<section class=\"elementor-section elementor-top-section elementor-element elementor-element-163fe789 elementor-section-boxed elementor-section-height-default elementor-section-height-default\" data-id=\"163fe789\" data-element_type=\"section\" data-e-type=\"section\">\n\t\t\t\t\t\t<div class=\"elementor-container elementor-column-gap-default\">\n\t\t\t\t\t<div class=\"elementor-column elementor-col-100 elementor-top-column elementor-element elementor-element-163391bf\" data-id=\"163391bf\" data-element_type=\"column\" data-e-type=\"column\">\n\t\t\t<div class=\"elementor-widget-wrap elementor-element-populated\">\n\t\t\t\t\t\t<div class=\"elementor-element elementor-element-12d75721 elementor-widget elementor-widget-text-editor\" data-id=\"12d75721\" data-element_type=\"widget\" data-e-type=\"widget\" data-widget_type=\"text-editor.default\">\n\t\t\t\t<div class=\"elementor-widget-container\">\n\t\t\t\t\t\t\t\t\t<h2 class=\"font_2\" style=\"text-align: center;\"><span class=\"color_2\">ABRAM-ASBL SE PR\u00c9SENTE&#8230;<\/span><\/h2>\n<p style=\"text-align: justify;\">Fruit d&#8217;une longue gestation, Abram-asbl, une petite association sans but lucratif luxembourgeoise travaillant en \u00e9troite collaboration avec plusieurs associations et ong br\u00e9siliennes, a \u00e9t\u00e9 fond\u00e9e en mars 2014 \u00e0 l&#8217;initiative <span class=\"color_2\">de Daniela Mesquita et Fran\u00e7ois Ramaekers.<\/span><\/p>\n<p style=\"text-align: justify;\">Outre ses fondateurs, Abram-asbl a pu compter sur l&#8217;engagement de trois proches collaborateurs et amis pour parachever <a href=\"https:\/\/www.abram.lu\/wp-content\/uploads\/2017\/12\/staus.pdf\">ses statuts<\/a><span class=\"color_2\"> et composer sa structure de gestion, Christine Gobert, Katrien Van de Bergh et Cyprien Ramaekers.<\/span><\/p>\n<b><span class=\"color_2\"><strong>Conseil d&#8217;administration<\/strong><\/span><\/b>\n<p style=\"text-align: justify;\">Comptant cinq membres engag\u00e9s dans leur vie professionnelle et familiale au Drand-duch\u00e9 de Luxembourg, en Belgique et au Br\u00e9sil, le Conseil d&#8217;ad- ministration d&#8217;Abram se compose comme suit.<\/p>\n\n<div id=\"francois\">\n<p class=\"font_6\"><b><span class=\"color_2\"><strong>Fran\u00e7ois Ramaekers<\/strong><\/span><\/b><\/p>\n\n<\/div>\n<p class=\"font_6\"><span class=\"color_2\">Pr\u00e9sident d&#8217;Abram<\/span><\/p>\n<p class=\"font_6\" style=\"text-align: justify;\">Grand voyageur, enseignant au <a href=\"http:\/\/www.ltc.lu\" target=\"_blank\" rel=\"noopener\" data-content=\"http:\/\/www.ltc.lu\" data-type=\"external\">Lyc\u00e9e Technique du Centre<\/a>, il est actif de- puis de nombreuses ann\u00e9es dans les milieux associatifs au Grand-duch\u00e9 de Luxembourg et en Belgique.<\/p>\n\n<div id=\"dani\">\n<p class=\"font_6\"><span class=\"color_2\"><b><strong>Daniela Mesquita<\/strong><\/b><\/span><\/p>\n\n<\/div>\n<p class=\"font_6\"><span class=\"color_2\"> Vice-pr\u00e9sidente d&#8217;Abram<\/span><\/p>\n<p class=\"font_6\" style=\"text-align: justify;\">Project manager et entrepreneuse, elle est active depuis de nombreuses ann\u00e9es dans les milieux associatifs au Br\u00e9sil.<\/p>\n<p class=\"font_6\" style=\"text-align: justify;\">Daniela et Fran\u00e7ois se sont rencontr\u00e9s et mari\u00e9s au Br\u00e9sil. Aujourd&#8217;hui, ils vivent au Luxembourg entour\u00e9s de leurs 4 enfants. L\u2019exp\u00e9rience du terrain br\u00e9silien et la pratique de l\u2019engagement social et solidaire en font les inspirateurs et les initiateurs des projets d\u2019Abram.<\/p>\n\n<div id=\"katharina\">\n<p class=\"font_6\"><span class=\"color_2\"><b><strong>Katharina<\/strong><\/b><\/span><\/p>\n\n<\/div>\n<p class=\"font_6\"><span class=\"color_2\"> Secr\u00e9taire d&#8217;Abram<\/span><\/p>\n<div id=\"christine\"><span class=\"color_2\"><b><strong>Christine Gobert<\/strong><\/b><\/span><\/div>\n<p class=\"font_6\"><span class=\"color_2\"> Tr\u00e9sori\u00e8re d&#8217;Abram<\/span><\/p>\n<p class=\"font_6\" style=\"text-align: justify;\">M\u00e8re de 2 enfants, dans sa vie professionnelle, elle est Chef-comptable de <a href=\"http:\/\/www.ulc.lu\" target=\"_blank\" rel=\"noopener\" data-content=\"http:\/\/www.ulc.lu\" data-type=\"external\"><span class=\"color_2\">l\u2019<\/span><\/a><a href=\"http:\/\/www.ulc.lu\" target=\"_blank\" rel=\"noopener\" data-content=\"http:\/\/www.ulc.lu\" data-type=\"external\"><span class=\"color_2\">Union Luxembourgeoise des Consommateurs (ULC)<\/span><\/a><span class=\"color_2\">, l\u2019une des plus grandes asbl du paysage associatif luxembourgeois.<\/span><\/p>\n\n<div id=\"cippy\">\n<p class=\"font_6\"><span class=\"color_2\"><b><strong>Cyprien Ramaekers<\/strong><\/b><\/span><\/p>\n\n<\/div>\n<p class=\"font_6\"><span class=\"color_2\"> Vice-pr\u00e9sident d&#8217;Abram<\/span><\/p>\n<p class=\"font_6\" style=\"text-align: justify;\">P\u00e8re de 2 enfants, il est actif au sein du<a href=\"http:\/\/www.waldorf.lu\" target=\"_blank\" rel=\"noopener\" data-content=\"http:\/\/www.waldorf.lu\" data-type=\"external\"><span class=\"color_2\"> Ver\u00e4in fir Waldorfp\u00e4dagogik<\/span><\/a><a href=\"http:\/\/www.waldorf.lu\" target=\"_blank\" rel=\"noopener\" data-content=\"http:\/\/www.waldorf.lu\" data-type=\"external\"><span class=\"color_2\"> L\u00ebtzebuerg ASBL<\/span><\/a><span class=\"color_2\">\u00a0en tant que Secr\u00e9taire de l&#8217;asbl, il est aussi Coordinateur administratif de la Waldorfschoul et Charg\u00e9 de direction de la Maison relais Waldorf. <\/span><\/p>\t\t\t\t\t\t\t\t<\/div>\n\t\t\t\t<\/div>\n\t\t\t\t\t<\/div>\n\t\t<\/div>\n\t\t\t\t\t<\/div>\n\t\t<\/section>\n\t\t\t\t<\/div>\n\t\t","protected":false},"excerpt":{"rendered":"<p>Fran\u00e7ois Ramaekers Daniela Mesquita Christine Gobert Cyprien Ramaekers ABRAM-ASBL SE PR\u00c9SENTE&#8230; Fruit d&#8217;une longue gestation, Abram-asbl, une petite association sans but lucratif luxembourgeoise travaillant en \u00e9troite collaboration avec plusieurs associations [&hellip;]<\/p>\n","protected":false},"author":1,"featured_media":0,"parent":0,"menu_order":0,"comment_status":"closed","ping_status":"closed","template":"","meta":{"footnotes":""},"class_list":["post-2627","page","type-page","status-publish","hentry"],"_links":{"self":[{"href":"https:\/\/www.abram.lu\/pt\/wp-json\/wp\/v2\/pages\/2627","targetHints":{"allow":["GET"]}}],"collection":[{"href":"https:\/\/www.abram.lu\/pt\/wp-json\/wp\/v2\/pages"}],"about":[{"href":"https:\/\/www.abram.lu\/pt\/wp-json\/wp\/v2\/types\/page"}],"author":[{"embeddable":true,"href":"https:\/\/www.abram.lu\/pt\/wp-json\/wp\/v2\/users\/1"}],"replies":[{"embeddable":true,"href":"https:\/\/www.abram.lu\/pt\/wp-json\/wp\/v2\/comments?post=2627"}],"version-history":[{"count":3,"href":"https:\/\/www.abram.lu\/pt\/wp-json\/wp\/v2\/pages\/2627\/revisions"}],"predecessor-version":[{"id":2630,"href":"https:\/\/www.abram.lu\/pt\/wp-json\/wp\/v2\/pages\/2627\/revisions\/2630"}],"wp:attachment":[{"href":"https:\/\/www.abram.lu\/pt\/wp-json\/wp\/v2\/media?parent=2627"}],"curies":[{"name":"wp","href":"https:\/\/api.w.org\/{rel}","templated":true}]}}